{"id":324,"date":"2018-04-10T19:05:01","date_gmt":"2018-04-10T19:05:01","guid":{"rendered":"http:\/\/www.ycvysokemyto.cz\/?page_id=324"},"modified":"2024-04-16T13:57:37","modified_gmt":"2024-04-16T13:57:37","slug":"memorial-tomase-dymaka","status":"publish","type":"page","link":"https:\/\/www.ycvysokemyto.cz\/index.php\/memorial-tomase-dymaka\/","title":{"rendered":"Memori\u00e1l Tom\u00e1\u0161e Dym\u00e1ka"},"content":{"rendered":"<h3>Historie z\u00e1vodu Memori\u00e1l Tom\u00e1\u0161e Dym\u00e1ka.<\/h3>\n<p>V YC Vysok\u00e9 M\u00fdto byla mnoho let po jeho vzniku siln\u00e1 skupina jachta\u0159\u016f, kte\u0159\u00ed z\u00e1vodili na dvoupos\u00e1dkov\u00fdch lod\u00edch t\u0159\u00eddy FD a p\u0159edev\u0161\u00edm na lod\u00edch t\u0159\u00eddy Pir\u00e1t. Po ur\u010dit\u00e9 genera\u010dn\u00ed v\u00fdm\u011bn\u011b a po roce 1989 jsme se za\u010dali zaj\u00edmat zda je mo\u017en\u00e9 pir\u00e1ty z\u00edskat. Po roce 1989 do\u0161lo v \u010cR k n\u00e1r\u016fstu z\u00e1jmu o tuto t\u0159\u00eddu a tyto lod\u011b pro\u017e\u00edvaly svou renesanci. Jedin\u00e1 mo\u017enost byla koupit z\u00e1novn\u00ed, nebo novou lamin\u00e1tovou lo\u010f v N\u011bmecku, nebo v Rakousku. V t\u00e9to dob\u011b d\u00edky n\u011bkolika schopn\u00fdch lid\u00ed se rozb\u011bhla v\u00fdroba d\u0159ev\u011bn\u00fdch lod\u00ed v YC T\u0159ebo\u0148 a ty jsme zakoupili.<\/p>\n<p>Za\u010dali jsme se z\u00fa\u010dast\u0148ovat z\u00e1vod\u016f po cel\u00e9 republice v tomto slo\u017een\u00ed pos\u00e1dek:<br>Steiner V\u00e1clav-Steiner Ji\u0159\u00ed, Dym\u00e1k Petr-Dym\u00e1k Ji\u0159\u00ed a Dym\u00e1k Tom\u00e1\u0161-Kub\u016f Blahoslav, nebo Dym\u00e1k Tom\u00e1\u0161 ml. V tomto slo\u017een\u00ed jsme cel\u00e1 skupina jezdili poh\u00e1rov\u00e9 z\u00e1vody v\u010d. M\u010cR. V t\u00e9to dob\u011b se v\u00fdznamn\u00fdch z\u00e1vod\u016f z\u00fa\u010dast\u0148ovalo 30-40 pir\u00e1t\u016f. S postupn\u00fdm n\u00e1r\u016fstem na\u0161i v\u00fdkonosti jsme sm\u011b\u0159ovali na\u0161i aktivitu uspo\u0159\u00e1dat poh\u00e1rov\u00fd z\u00e1vod na Se\u010di. Poda\u0159ilo se n\u00e1m z\u00edskat term\u00edn na rok 2000. Tom\u00e1\u0161 Dym\u00e1k byl jeden z n\u00e1s, kter\u00fd se o to aktivn\u011b zasazoval. Bohu\u017eel 1.4.1999 zem\u0159el p\u0159i autonehod\u011b a tohoto z\u00e1vodu se nedo\u017eil. Na jeho po\u010dest jsme p\u0159\u00ed\u0161t\u00ed rok tento z\u00e1vod nazvali jeho jm\u00e9nem.<\/p>\n<p>Dym\u00e1k Petr st.<\/p>\n<p><\/p>\n\n<a href=\"https:\/\/www.ycvysokemyto.cz\/wp-content\/uploads\/2024\/04\/Vypsani-MTD-2024.pdf\" class=\"pdfemb-viewer\" style=\"\" data-width=\"max\" data-height=\"max\" data-toolbar=\"bottom\" data-toolbar-fixed=\"off\">Vypsani-MTD-2024<\/a>\n\n<a href=\"https:\/\/www.ycvysokemyto.cz\/wp-content\/uploads\/2023\/05\/VypsaniMTD2023.pdf\" class=\"pdfemb-viewer\" style=\"\" data-width=\"max\" data-height=\"max\" data-toolbar=\"bottom\" data-toolbar-fixed=\"off\">VypsaniMTD2023<\/a>\n\n<a href=\"https:\/\/www.ycvysokemyto.cz\/wp-content\/uploads\/2022\/05\/Vyps\u00e1n\u00ed-MTD-2022.pdf\" class=\"pdfemb-viewer\" style=\"\" data-width=\"max\" data-height=\"max\" data-toolbar=\"bottom\" data-toolbar-fixed=\"off\">Vyps\u00e1n\u00ed-MTD-2022<\/a>\n<p class=\"wp-block-pdfemb-pdf-embedder-viewer\"><\/p>\n\n\n<div id=\"1369e249293a1f81a30de43839312f3e\"><div style='text-align:center;'>Loading embedded document<br><img src=\"https:\/\/www.ycvysokemyto.cz\/wp-content\/plugins\/documentpress-display-any-document-on-your-site\/assets\/images\/rolling.svg\" \/><\/div><\/div><iframe src='https:\/\/drive.google.com\/file\/d\/1Mf_QpJMeCbhLKK7fT46X61aYYsi5yqeK\/preview' width='640' height='480' onload='document.getElementById(\"1369e249293a1f81a30de43839312f3e\").style.display=\"none\";'><\/iframe>\n\n\n<div id=\"2c51d6b72286f47cd00c7c450f7e0bfe\"><div style='text-align:center;'>Loading embedded document<br><img src=\"https:\/\/www.ycvysokemyto.cz\/wp-content\/plugins\/documentpress-display-any-document-on-your-site\/assets\/images\/rolling.svg\" \/><\/div><\/div><iframe src='https:\/\/drive.google.com\/file\/d\/1aAJLCRs7FCZeoc1MRcYPaj_Akkjrq78z\/preview' width='640' height='480' onload='document.getElementById(\"2c51d6b72286f47cd00c7c450f7e0bfe\").style.display=\"none\";'><\/iframe>\n\n\n<div id=\"6e4198ba0b99b64a63ad5ac62b231870\"><div style='text-align:center;'>Loading embedded document<br><img src=\"https:\/\/www.ycvysokemyto.cz\/wp-content\/plugins\/documentpress-display-any-document-on-your-site\/assets\/images\/rolling.svg\" \/><\/div><\/div><iframe src='https:\/\/drive.google.com\/file\/d\/1YltiVd2Djy4C0xj53rpKZ0Ic4BmOejnX\/preview' width='640' height='480' onload='document.getElementById(\"6e4198ba0b99b64a63ad5ac62b231870\").style.display=\"none\";'><\/iframe>\n","protected":false},"excerpt":{"rendered":"<p>Historie z\u00e1vodu Memori\u00e1l Tom\u00e1\u0161e Dym\u00e1ka. V YC Vysok\u00e9 M\u00fdto byla mnoho let po jeho vzniku siln\u00e1 skupina jachta\u0159\u016f, kte\u0159\u00ed z\u00e1vodili na dvoupos\u00e1dkov\u00fdch lod\u00edch t\u0159\u00eddy FD a p\u0159edev\u0161\u00edm na lod\u00edch t\u0159\u00eddy Pir\u00e1t. Po ur\u010dit\u00e9 genera\u010dn\u00ed v\u00fdm\u011bn\u011b a po roce 1989 jsme se za\u010dali zaj\u00edmat zda je mo\u017en\u00e9 pir\u00e1ty z\u00edskat. Po roce 1989 do\u0161lo v \u010cR k [&hellip;]<\/p>\n","protected":false},"author":1,"featured_media":0,"parent":0,"menu_order":0,"comment_status":"closed","ping_status":"closed","template":"","meta":[],"_links":{"self":[{"href":"https:\/\/www.ycvysokemyto.cz\/index.php\/wp-json\/wp\/v2\/pages\/324"}],"collection":[{"href":"https:\/\/www.ycvysokemyto.cz\/index.php\/wp-json\/wp\/v2\/pages"}],"about":[{"href":"https:\/\/www.ycvysokemyto.cz\/index.php\/wp-json\/wp\/v2\/types\/page"}],"author":[{"embeddable":true,"href":"https:\/\/www.ycvysokemyto.cz\/index.php\/wp-json\/wp\/v2\/users\/1"}],"replies":[{"embeddable":true,"href":"https:\/\/www.ycvysokemyto.cz\/index.php\/wp-json\/wp\/v2\/comments?post=324"}],"version-history":[{"count":8,"href":"https:\/\/www.ycvysokemyto.cz\/index.php\/wp-json\/wp\/v2\/pages\/324\/revisions"}],"predecessor-version":[{"id":768,"href":"https:\/\/www.ycvysokemyto.cz\/index.php\/wp-json\/wp\/v2\/pages\/324\/revisions\/768"}],"wp:attachment":[{"href":"https:\/\/www.ycvysokemyto.cz\/index.php\/wp-json\/wp\/v2\/media?parent=324"}],"curies":[{"name":"wp","href":"https:\/\/api.w.org\/{rel}","templated":true}]}}